{"id":8351,"date":"2020-11-27T17:59:19","date_gmt":"2020-11-27T17:59:19","guid":{"rendered":"https:\/\/www.osteo-marbella.com\/services\/"},"modified":"2023-07-30T08:55:27","modified_gmt":"2023-07-30T08:55:27","slug":"prestations","status":"publish","type":"page","link":"https:\/\/www.osteo-marbella.com\/fr\/prestations\/","title":{"rendered":"Prestations"},"content":{"rendered":"<div id=\"pl-8351\"  class=\"panel-layout\" ><div id=\"pg-8351-0\"  class=\"panel-grid panel-no-style\" ><div id=\"pgc-8351-0-0\"  class=\"panel-grid-cell\" ><div id=\"panel-8351-0-0-0\" class=\"so-panel widget widget_qt_feature_page widget-featured-page panel-first-child panel-last-child\" data-index=\"0\" >\n\t\t\t<div class=\"featured-page\">\n\t\t\t\t\t\t\t\t\t<div class=\"featured-page--image\">\n\t\t\t\t\t\t<a href=\"https:\/\/www.osteo-marbella.com\/fr\/prestations\/osteopathie\/\">\n\t\t\t\t\t\t\t<img loading=\"lazy\" decoding=\"async\" width=\"360\" height=\"240\" src=\"https:\/\/www.osteo-marbella.com\/wp-content\/uploads\/2023\/05\/back-pain-360x240.jpg\" class=\"attachment-physio-qt-featured-s size-physio-qt-featured-s\" alt=\"Osteopathie\" srcset=\"https:\/\/www.osteo-marbella.com\/wp-content\/uploads\/2023\/05\/back-pain-360x240.jpg 360w, https:\/\/www.osteo-marbella.com\/wp-content\/uploads\/2023\/05\/back-pain-300x200.jpg 300w, https:\/\/www.osteo-marbella.com\/wp-content\/uploads\/2023\/05\/back-pain-768x512.jpg 768w, https:\/\/www.osteo-marbella.com\/wp-content\/uploads\/2023\/05\/back-pain-600x400.jpg 600w, https:\/\/www.osteo-marbella.com\/wp-content\/uploads\/2023\/05\/back-pain-272x182.jpg 272w, https:\/\/www.osteo-marbella.com\/wp-content\/uploads\/2023\/05\/back-pain.jpg 850w\" sizes=\"auto, (min-width: 781px) 360px, calc(100vw - 30px)\" \/>\t\t\t\t\t\t\t<div class=\"featured-page--overlay\">\n\t\t\t\t\t\t\t\t\t\t\t\t\t\t\t\t\t<div class=\"overlay--center\">\n\t\t\t\t\t\t\t\t\t\t<span>Voir plus ...<\/span>\n\t\t\t\t\t\t\t\t\t<\/div>\n\t\t\t\t\t\t\t\t\t\t\t\t\t\t\t<\/div>\n\t\t\t\t\t\t<\/a>\n\t\t\t\t\t<\/div>\n\t\t\t\t\t\t\t\t<div class=\"featured-page--content\">\n\t\t\t\t\t<h4 class=\"featued-page--title\">\n\t\t\t\t\t\t<a href=\"https:\/\/www.osteo-marbella.com\/fr\/prestations\/osteopathie\/\">Osteopathie<\/a>\n\t\t\t\t\t<\/h4>\n\t\t\t\t\t\t\t\t\t\t\t\t\t\t\t\t<a href=\"https:\/\/www.osteo-marbella.com\/fr\/prestations\/osteopathie\/\" class=\"text-link\">Voir plus ...<\/a>\n\t\t\t\t\t\t\t\t\t<\/div>\n\t\t\t<\/div>\n\n\t\t\t<\/div><\/div><div id=\"pgc-8351-0-1\"  class=\"panel-grid-cell\" ><div id=\"panel-8351-0-1-0\" class=\"so-panel widget widget_qt_feature_page widget-featured-page panel-first-child panel-last-child\" data-index=\"1\" >\n\t\t\t<div class=\"featured-page\">\n\t\t\t\t\t\t\t\t\t<div class=\"featured-page--image\">\n\t\t\t\t\t\t<a href=\"https:\/\/www.osteo-marbella.com\/fr\/prestations\/osteo-massage\/\">\n\t\t\t\t\t\t\t<img loading=\"lazy\" decoding=\"async\" width=\"360\" height=\"240\" src=\"https:\/\/www.osteo-marbella.com\/wp-content\/uploads\/2023\/07\/deep-tissue-massage-360x240.jpg\" class=\"attachment-physio-qt-featured-s size-physio-qt-featured-s\" alt=\"Osteo Massage\" srcset=\"https:\/\/www.osteo-marbella.com\/wp-content\/uploads\/2023\/07\/deep-tissue-massage-360x240.jpg 360w, https:\/\/www.osteo-marbella.com\/wp-content\/uploads\/2023\/07\/deep-tissue-massage-300x200.jpg 300w, https:\/\/www.osteo-marbella.com\/wp-content\/uploads\/2023\/07\/deep-tissue-massage-768x512.jpg 768w, https:\/\/www.osteo-marbella.com\/wp-content\/uploads\/2023\/07\/deep-tissue-massage-600x400.jpg 600w, https:\/\/www.osteo-marbella.com\/wp-content\/uploads\/2023\/07\/deep-tissue-massage-272x182.jpg 272w, https:\/\/www.osteo-marbella.com\/wp-content\/uploads\/2023\/07\/deep-tissue-massage.jpg 851w\" sizes=\"auto, (min-width: 781px) 360px, calc(100vw - 30px)\" \/>\t\t\t\t\t\t\t<div class=\"featured-page--overlay\">\n\t\t\t\t\t\t\t\t\t\t\t\t\t\t\t\t\t<div class=\"overlay--center\">\n\t\t\t\t\t\t\t\t\t\t<span>Voir plus ...<\/span>\n\t\t\t\t\t\t\t\t\t<\/div>\n\t\t\t\t\t\t\t\t\t\t\t\t\t\t\t<\/div>\n\t\t\t\t\t\t<\/a>\n\t\t\t\t\t<\/div>\n\t\t\t\t\t\t\t\t<div class=\"featured-page--content\">\n\t\t\t\t\t<h4 class=\"featued-page--title\">\n\t\t\t\t\t\t<a href=\"https:\/\/www.osteo-marbella.com\/fr\/prestations\/osteo-massage\/\">Osteo Massage<\/a>\n\t\t\t\t\t<\/h4>\n\t\t\t\t\t\t\t\t\t\t\t\t\t\t\t\t<a href=\"https:\/\/www.osteo-marbella.com\/fr\/prestations\/osteo-massage\/\" class=\"text-link\">Voir plus ...<\/a>\n\t\t\t\t\t\t\t\t\t<\/div>\n\t\t\t<\/div>\n\n\t\t\t<\/div><\/div><div id=\"pgc-8351-0-2\"  class=\"panel-grid-cell\" ><div id=\"panel-8351-0-2-0\" class=\"so-panel widget widget_qt_feature_page widget-featured-page panel-first-child panel-last-child\" data-index=\"2\" >\n\t\t\t<div class=\"featured-page\">\n\t\t\t\t\t\t\t\t\t<div class=\"featured-page--image\">\n\t\t\t\t\t\t<a href=\"https:\/\/www.osteo-marbella.com\/fr\/prestations\/therapie-par-les-ventouses\/\">\n\t\t\t\t\t\t\t<img loading=\"lazy\" decoding=\"async\" width=\"360\" height=\"240\" src=\"https:\/\/www.osteo-marbella.com\/wp-content\/uploads\/2023\/05\/cupping-therapy-360x240.jpg\" class=\"attachment-physio-qt-featured-s size-physio-qt-featured-s\" alt=\"Th\u00e9rapie par les ventouses\" srcset=\"https:\/\/www.osteo-marbella.com\/wp-content\/uploads\/2023\/05\/cupping-therapy-360x240.jpg 360w, https:\/\/www.osteo-marbella.com\/wp-content\/uploads\/2023\/05\/cupping-therapy-300x200.jpg 300w, https:\/\/www.osteo-marbella.com\/wp-content\/uploads\/2023\/05\/cupping-therapy-768x512.jpg 768w, https:\/\/www.osteo-marbella.com\/wp-content\/uploads\/2023\/05\/cupping-therapy-600x400.jpg 600w, https:\/\/www.osteo-marbella.com\/wp-content\/uploads\/2023\/05\/cupping-therapy-272x182.jpg 272w, https:\/\/www.osteo-marbella.com\/wp-content\/uploads\/2023\/05\/cupping-therapy.jpg 850w\" sizes=\"auto, (min-width: 781px) 360px, calc(100vw - 30px)\" \/>\t\t\t\t\t\t\t<div class=\"featured-page--overlay\">\n\t\t\t\t\t\t\t\t\t\t\t\t\t\t\t\t\t<div class=\"overlay--center\">\n\t\t\t\t\t\t\t\t\t\t<span>Voir plus ...<\/span>\n\t\t\t\t\t\t\t\t\t<\/div>\n\t\t\t\t\t\t\t\t\t\t\t\t\t\t\t<\/div>\n\t\t\t\t\t\t<\/a>\n\t\t\t\t\t<\/div>\n\t\t\t\t\t\t\t\t<div class=\"featured-page--content\">\n\t\t\t\t\t<h4 class=\"featued-page--title\">\n\t\t\t\t\t\t<a href=\"https:\/\/www.osteo-marbella.com\/fr\/prestations\/therapie-par-les-ventouses\/\">Th\u00e9rapie par les ventouses<\/a>\n\t\t\t\t\t<\/h4>\n\t\t\t\t\t\t\t\t\t\t\t\t\t\t\t\t<a href=\"https:\/\/www.osteo-marbella.com\/fr\/prestations\/therapie-par-les-ventouses\/\" class=\"text-link\">Voir plus ...<\/a>\n\t\t\t\t\t\t\t\t\t<\/div>\n\t\t\t<\/div>\n\n\t\t\t<\/div><\/div><\/div><div id=\"pg-8351-1\"  class=\"panel-grid panel-no-style\" ><div id=\"pgc-8351-1-0\"  class=\"panel-grid-cell\" ><div id=\"panel-8351-1-0-0\" class=\"so-panel widget widget_qt_feature_page widget-featured-page panel-first-child panel-last-child\" data-index=\"3\" >\n\t\t\t<div class=\"featured-page\">\n\t\t\t\t\t\t\t\t\t<div class=\"featured-page--image\">\n\t\t\t\t\t\t<a href=\"https:\/\/www.osteo-marbella.com\/fr\/prestations\/posturotherapie\/\">\n\t\t\t\t\t\t\t<img loading=\"lazy\" decoding=\"async\" width=\"360\" height=\"240\" src=\"https:\/\/www.osteo-marbella.com\/wp-content\/uploads\/2023\/07\/posturotherapy-1-360x240.jpg\" class=\"attachment-physio-qt-featured-s size-physio-qt-featured-s\" alt=\"Posturoth\u00e9rapie\" srcset=\"https:\/\/www.osteo-marbella.com\/wp-content\/uploads\/2023\/07\/posturotherapy-1-360x240.jpg 360w, https:\/\/www.osteo-marbella.com\/wp-content\/uploads\/2023\/07\/posturotherapy-1-300x200.jpg 300w, https:\/\/www.osteo-marbella.com\/wp-content\/uploads\/2023\/07\/posturotherapy-1-768x512.jpg 768w, https:\/\/www.osteo-marbella.com\/wp-content\/uploads\/2023\/07\/posturotherapy-1-600x400.jpg 600w, https:\/\/www.osteo-marbella.com\/wp-content\/uploads\/2023\/07\/posturotherapy-1-272x182.jpg 272w, https:\/\/www.osteo-marbella.com\/wp-content\/uploads\/2023\/07\/posturotherapy-1.jpg 851w\" sizes=\"auto, (min-width: 781px) 360px, calc(100vw - 30px)\" \/>\t\t\t\t\t\t\t<div class=\"featured-page--overlay\">\n\t\t\t\t\t\t\t\t\t\t\t\t\t\t\t\t\t<div class=\"overlay--center\">\n\t\t\t\t\t\t\t\t\t\t<span>Voir plus ...<\/span>\n\t\t\t\t\t\t\t\t\t<\/div>\n\t\t\t\t\t\t\t\t\t\t\t\t\t\t\t<\/div>\n\t\t\t\t\t\t<\/a>\n\t\t\t\t\t<\/div>\n\t\t\t\t\t\t\t\t<div class=\"featured-page--content\">\n\t\t\t\t\t<h4 class=\"featued-page--title\">\n\t\t\t\t\t\t<a href=\"https:\/\/www.osteo-marbella.com\/fr\/prestations\/posturotherapie\/\">Posturoth\u00e9rapie<\/a>\n\t\t\t\t\t<\/h4>\n\t\t\t\t\t\t\t\t\t\t\t\t\t\t\t\t<a href=\"https:\/\/www.osteo-marbella.com\/fr\/prestations\/posturotherapie\/\" class=\"text-link\">Voir plus ...<\/a>\n\t\t\t\t\t\t\t\t\t<\/div>\n\t\t\t<\/div>\n\n\t\t\t<\/div><\/div><div id=\"pgc-8351-1-1\"  class=\"panel-grid-cell\" ><div id=\"panel-8351-1-1-0\" class=\"so-panel widget widget_qt_feature_page widget-featured-page panel-first-child panel-last-child\" data-index=\"4\" >\n\t\t\t<div class=\"featured-page\">\n\t\t\t\t\t\t\t\t\t<div class=\"featured-page--image\">\n\t\t\t\t\t\t<a href=\"https:\/\/www.osteo-marbella.com\/fr\/prestations\/stop-tabac\/\">\n\t\t\t\t\t\t\t<img loading=\"lazy\" decoding=\"async\" width=\"360\" height=\"240\" src=\"https:\/\/www.osteo-marbella.com\/wp-content\/uploads\/2025\/11\/auriculotherapy-360x240.jpg\" class=\"attachment-physio-qt-featured-s size-physio-qt-featured-s\" alt=\"Stop Tabac\" srcset=\"https:\/\/www.osteo-marbella.com\/wp-content\/uploads\/2025\/11\/auriculotherapy-360x240.jpg 360w, https:\/\/www.osteo-marbella.com\/wp-content\/uploads\/2025\/11\/auriculotherapy-300x200.jpg 300w, https:\/\/www.osteo-marbella.com\/wp-content\/uploads\/2025\/11\/auriculotherapy-1024x683.jpg 1024w, https:\/\/www.osteo-marbella.com\/wp-content\/uploads\/2025\/11\/auriculotherapy-768x512.jpg 768w, https:\/\/www.osteo-marbella.com\/wp-content\/uploads\/2025\/11\/auriculotherapy-1536x1025.jpg 1536w, https:\/\/www.osteo-marbella.com\/wp-content\/uploads\/2025\/11\/auriculotherapy-850x567.jpg 850w, https:\/\/www.osteo-marbella.com\/wp-content\/uploads\/2025\/11\/auriculotherapy-600x400.jpg 600w, https:\/\/www.osteo-marbella.com\/wp-content\/uploads\/2025\/11\/auriculotherapy-272x182.jpg 272w, https:\/\/www.osteo-marbella.com\/wp-content\/uploads\/2025\/11\/auriculotherapy.jpg 2048w\" sizes=\"auto, (min-width: 781px) 360px, calc(100vw - 30px)\" \/>\t\t\t\t\t\t\t<div class=\"featured-page--overlay\">\n\t\t\t\t\t\t\t\t\t\t\t\t\t\t\t\t\t<div class=\"overlay--center\">\n\t\t\t\t\t\t\t\t\t\t<span>Voir plus ...<\/span>\n\t\t\t\t\t\t\t\t\t<\/div>\n\t\t\t\t\t\t\t\t\t\t\t\t\t\t\t<\/div>\n\t\t\t\t\t\t<\/a>\n\t\t\t\t\t<\/div>\n\t\t\t\t\t\t\t\t<div class=\"featured-page--content\">\n\t\t\t\t\t<h4 class=\"featued-page--title\">\n\t\t\t\t\t\t<a href=\"https:\/\/www.osteo-marbella.com\/fr\/prestations\/stop-tabac\/\">Stop Tabac<\/a>\n\t\t\t\t\t<\/h4>\n\t\t\t\t\t\t\t\t\t\t\t\t\t\t\t\t<a href=\"https:\/\/www.osteo-marbella.com\/fr\/prestations\/stop-tabac\/\" class=\"text-link\">Voir plus ...<\/a>\n\t\t\t\t\t\t\t\t\t<\/div>\n\t\t\t<\/div>\n\n\t\t\t<\/div><\/div><div id=\"pgc-8351-1-2\"  class=\"panel-grid-cell\" ><div id=\"panel-8351-1-2-0\" class=\"so-panel widget widget_qt_feature_page widget-featured-page panel-first-child panel-last-child\" data-index=\"5\" >\n\t\t\t<div class=\"featured-page\">\n\t\t\t\t\t\t\t\t\t<div class=\"featured-page--image\">\n\t\t\t\t\t\t<a href=\"https:\/\/www.osteo-marbella.com\/fr\/prestations\/therapie-cranio-sacree\/\">\n\t\t\t\t\t\t\t<img loading=\"lazy\" decoding=\"async\" width=\"360\" height=\"240\" src=\"https:\/\/www.osteo-marbella.com\/wp-content\/uploads\/2023\/07\/massage-cranien-360x240.jpg\" class=\"attachment-physio-qt-featured-s size-physio-qt-featured-s\" alt=\"Th\u00e9rapie cr\u00e2nio-sacr\u00e9e\" srcset=\"https:\/\/www.osteo-marbella.com\/wp-content\/uploads\/2023\/07\/massage-cranien-360x240.jpg 360w, https:\/\/www.osteo-marbella.com\/wp-content\/uploads\/2023\/07\/massage-cranien-300x200.jpg 300w, https:\/\/www.osteo-marbella.com\/wp-content\/uploads\/2023\/07\/massage-cranien-768x512.jpg 768w, https:\/\/www.osteo-marbella.com\/wp-content\/uploads\/2023\/07\/massage-cranien-600x400.jpg 600w, https:\/\/www.osteo-marbella.com\/wp-content\/uploads\/2023\/07\/massage-cranien-272x182.jpg 272w, https:\/\/www.osteo-marbella.com\/wp-content\/uploads\/2023\/07\/massage-cranien.jpg 850w\" sizes=\"auto, (min-width: 781px) 360px, calc(100vw - 30px)\" \/>\t\t\t\t\t\t\t<div class=\"featured-page--overlay\">\n\t\t\t\t\t\t\t\t\t\t\t\t\t\t\t\t\t<div class=\"overlay--center\">\n\t\t\t\t\t\t\t\t\t\t<span>Voir plus ...<\/span>\n\t\t\t\t\t\t\t\t\t<\/div>\n\t\t\t\t\t\t\t\t\t\t\t\t\t\t\t<\/div>\n\t\t\t\t\t\t<\/a>\n\t\t\t\t\t<\/div>\n\t\t\t\t\t\t\t\t<div class=\"featured-page--content\">\n\t\t\t\t\t<h4 class=\"featued-page--title\">\n\t\t\t\t\t\t<a href=\"https:\/\/www.osteo-marbella.com\/fr\/prestations\/therapie-cranio-sacree\/\">Th\u00e9rapie cr\u00e2nio-sacr\u00e9e<\/a>\n\t\t\t\t\t<\/h4>\n\t\t\t\t\t\t\t\t\t\t\t\t\t\t\t\t<a href=\"https:\/\/www.osteo-marbella.com\/fr\/prestations\/therapie-cranio-sacree\/\" class=\"text-link\">Voir plus ...<\/a>\n\t\t\t\t\t\t\t\t\t<\/div>\n\t\t\t<\/div>\n\n\t\t\t<\/div><\/div><\/div><\/div>","protected":false},"excerpt":{"rendered":"<p>Voir plus &#8230; Osteopathie Voir plus &#8230; Voir plus &#8230; Osteo Massage Voir plus &#8230; Voir plus &#8230; Th\u00e9rapie par les ventouses Voir plus &#8230; Voir plus &#8230; Posturoth\u00e9rapie Voir plus &#8230; Voir plus &#8230; Stop Tabac Voir plus &#8230; Voir plus &#8230; Th\u00e9rapie cr\u00e2nio-sacr\u00e9e Voir plus &#8230;<\/p>\n","protected":false},"author":1,"featured_media":0,"parent":0,"menu_order":0,"comment_status":"closed","ping_status":"closed","template":"","meta":{"footnotes":""},"class_list":["post-8351","page","type-page","status-publish","hentry"],"acf":[],"_links":{"self":[{"href":"https:\/\/www.osteo-marbella.com\/fr\/wp-json\/wp\/v2\/pages\/8351","targetHints":{"allow":["GET"]}}],"collection":[{"href":"https:\/\/www.osteo-marbella.com\/fr\/wp-json\/wp\/v2\/pages"}],"about":[{"href":"https:\/\/www.osteo-marbella.com\/fr\/wp-json\/wp\/v2\/types\/page"}],"author":[{"embeddable":true,"href":"https:\/\/www.osteo-marbella.com\/fr\/wp-json\/wp\/v2\/users\/1"}],"replies":[{"embeddable":true,"href":"https:\/\/www.osteo-marbella.com\/fr\/wp-json\/wp\/v2\/comments?post=8351"}],"version-history":[{"count":11,"href":"https:\/\/www.osteo-marbella.com\/fr\/wp-json\/wp\/v2\/pages\/8351\/revisions"}],"predecessor-version":[{"id":8976,"href":"https:\/\/www.osteo-marbella.com\/fr\/wp-json\/wp\/v2\/pages\/8351\/revisions\/8976"}],"wp:attachment":[{"href":"https:\/\/www.osteo-marbella.com\/fr\/wp-json\/wp\/v2\/media?parent=8351"}],"curies":[{"name":"wp","href":"https:\/\/api.w.org\/{rel}","templated":true}]}}